{"id":195,"date":"2022-03-15T16:36:56","date_gmt":"2022-03-15T16:36:56","guid":{"rendered":"https:\/\/integrations.pressbooks.network\/thomtest\/?post_type=chapter&#038;p=195"},"modified":"2022-03-15T19:01:41","modified_gmt":"2022-03-15T19:01:41","slug":"example-footnote-workaround","status":"publish","type":"chapter","link":"https:\/\/integrations.pressbooks.network\/thomtest\/chapter\/example-footnote-workaround\/","title":{"raw":"example footnote workaround","rendered":"example footnote workaround"},"content":{"raw":"<p style=\"color: #373d3f; font-size: 16px; line-height: 19.2px; hyphens: none;\"><i><img class=\"wp-image-117 \" src=\"https:\/\/openoregon.pressbooks.pub\/app\/uploads\/sites\/253\/2021\/12\/1_AGI_PATRONATO_0020_N005_R013_Fol-13R-scaled.jpg\" alt=\"\" width=\"722\" height=\"1007\" \/> <em>Relaci\u00f3n hecha por Juan P\u00e1ez, sobre el descubrimiento que hizo Juan Rodr\u00edguez, navegando por la contra-costa del Mar del Sur al Norte. Para su viaje sali\u00f3 del puerto de la Navidad el 27 de junio de 1542.<\/em> Documenta la primera vez que los expedicionarios hispanos navegaron hasta la altura de casi 44 grados, a la desembocadura del r\u00edo que llamaron, y anotaron despu\u00e9s en numerosos mapas, como el de Mart\u00edn Aguilar (actualmente Coos Bay).[footnote]6[\/footnote]<\/i><\/p>\r\n\r\n<p class=\"wp-caption-text\"><i><img class=\"wp-image-117 \" src=\"https:\/\/openoregon.pressbooks.pub\/app\/uploads\/sites\/253\/2021\/12\/1_AGI_PATRONATO_0020_N005_R013_Fol-13R-scaled.jpg\" alt=\"\" width=\"722\" height=\"1007\" \/> <em>Relaci\u00f3n hecha por Juan P\u00e1ez, sobre el descubrimiento que hizo Juan Rodr\u00edguez, navegando por la contra-costa del Mar del Sur al Norte. Para su viaje sali\u00f3 del puerto de la Navidad el 27 de junio de 1542.<\/em> Documenta la primera vez que los expedicionarios hispanos navegaron hasta la altura de casi 44 grados, a la desembocadura del r\u00edo que llamaron, y anotaron despu\u00e9s en numerosos mapas, como el de Mart\u00edn Aguilar (actualmente Coos Bay).[footnote]6[\/footnote]<\/i><\/p>\r\n\r\n[caption id=\"attachment_117\" align=\"aligncenter\" width=\"722\"]<img class=\"wp-image-117 \" src=\"https:\/\/openoregon.pressbooks.pub\/app\/uploads\/sites\/253\/2021\/12\/1_AGI_PATRONATO_0020_N005_R013_Fol-13R-scaled.jpg\" alt=\"\" width=\"722\" height=\"1007\" \/> <em>Relaci\u00f3n hecha por Juan P\u00e1ez, sobre el descubrimiento que hizo Juan Rodr\u00edguez, navegando por la contra-costa del Mar del Sur al Norte. Para su viaje sali\u00f3 del puerto de la Navidad el 27 de junio de 1542.<\/em> Documenta la primera vez que los expedicionarios hispanos navegaron hasta la altura de casi 44 grados, a la desembocadura del r\u00edo que llamaron, y anotaron despu\u00e9s en numerosos mapas, como el de Mart\u00edn Aguilar (actualmente Coos Bay).[\/caption]\r\n\r\n<span style=\"background-color: #ffff00\">[footnote]Ib\u00eddem.[\/footnote]<\/span>","rendered":"<p style=\"color: #373d3f; font-size: 16px; line-height: 19.2px; hyphens: none;\"><i><img loading=\"lazy\" decoding=\"async\" class=\"wp-image-117\" src=\"https:\/\/openoregon.pressbooks.pub\/app\/uploads\/sites\/253\/2021\/12\/1_AGI_PATRONATO_0020_N005_R013_Fol-13R-scaled.jpg\" alt=\"\" width=\"722\" height=\"1007\" \/> <em>Relaci\u00f3n hecha por Juan P\u00e1ez, sobre el descubrimiento que hizo Juan Rodr\u00edguez, navegando por la contra-costa del Mar del Sur al Norte. Para su viaje sali\u00f3 del puerto de la Navidad el 27 de junio de 1542.<\/em> Documenta la primera vez que los expedicionarios hispanos navegaron hasta la altura de casi 44 grados, a la desembocadura del r\u00edo que llamaron, y anotaron despu\u00e9s en numerosos mapas, como el de Mart\u00edn Aguilar (actualmente Coos Bay).<a class=\"footnote\" title=\"6\" id=\"return-footnote-195-1\" href=\"#footnote-195-1\" aria-label=\"Footnote 1\"><sup class=\"footnote\">[1]<\/sup><\/a><\/i><\/p>\n<p class=\"wp-caption-text\"><i><img loading=\"lazy\" decoding=\"async\" class=\"wp-image-117\" src=\"https:\/\/openoregon.pressbooks.pub\/app\/uploads\/sites\/253\/2021\/12\/1_AGI_PATRONATO_0020_N005_R013_Fol-13R-scaled.jpg\" alt=\"\" width=\"722\" height=\"1007\" \/> <em>Relaci\u00f3n hecha por Juan P\u00e1ez, sobre el descubrimiento que hizo Juan Rodr\u00edguez, navegando por la contra-costa del Mar del Sur al Norte. Para su viaje sali\u00f3 del puerto de la Navidad el 27 de junio de 1542.<\/em> Documenta la primera vez que los expedicionarios hispanos navegaron hasta la altura de casi 44 grados, a la desembocadura del r\u00edo que llamaron, y anotaron despu\u00e9s en numerosos mapas, como el de Mart\u00edn Aguilar (actualmente Coos Bay).<a class=\"footnote\" title=\"6\" id=\"return-footnote-195-2\" href=\"#footnote-195-2\" aria-label=\"Footnote 2\"><sup class=\"footnote\">[2]<\/sup><\/a><\/i><\/p>\n<figure id=\"attachment_117\" aria-describedby=\"caption-attachment-117\" style=\"width: 722px\" class=\"wp-caption aligncenter\"><img loading=\"lazy\" decoding=\"async\" class=\"wp-image-117\" src=\"https:\/\/openoregon.pressbooks.pub\/app\/uploads\/sites\/253\/2021\/12\/1_AGI_PATRONATO_0020_N005_R013_Fol-13R-scaled.jpg\" alt=\"\" width=\"722\" height=\"1007\" \/><figcaption id=\"caption-attachment-117\" class=\"wp-caption-text\"><em>Relaci\u00f3n hecha por Juan P\u00e1ez, sobre el descubrimiento que hizo Juan Rodr\u00edguez, navegando por la contra-costa del Mar del Sur al Norte. Para su viaje sali\u00f3 del puerto de la Navidad el 27 de junio de 1542.<\/em> Documenta la primera vez que los expedicionarios hispanos navegaron hasta la altura de casi 44 grados, a la desembocadura del r\u00edo que llamaron, y anotaron despu\u00e9s en numerosos mapas, como el de Mart\u00edn Aguilar (actualmente Coos Bay).<\/figcaption><\/figure>\n<p><span style=\"background-color: #ffff00\"><a class=\"footnote\" title=\"Ib\u00eddem.\" id=\"return-footnote-195-3\" href=\"#footnote-195-3\" aria-label=\"Footnote 3\"><sup class=\"footnote\">[3]<\/sup><\/a><\/span><\/p>\n<hr class=\"before-footnotes clear\" \/><div class=\"footnotes\"><ol><li id=\"footnote-195-1\">6 <a href=\"#return-footnote-195-1\" class=\"return-footnote\" aria-label=\"Return to footnote 1\">&crarr;<\/a><\/li><li id=\"footnote-195-2\">6 <a href=\"#return-footnote-195-2\" class=\"return-footnote\" aria-label=\"Return to footnote 2\">&crarr;<\/a><\/li><li id=\"footnote-195-3\">Ib\u00eddem. <a href=\"#return-footnote-195-3\" class=\"return-footnote\" aria-label=\"Return to footnote 3\">&crarr;<\/a><\/li><\/ol><\/div>","protected":false},"author":291,"menu_order":24,"template":"","meta":{"pb_show_title":"on","pb_short_title":"","pb_subtitle":"","pb_authors":[],"pb_section_license":""},"chapter-type":[],"contributor":[],"license":[],"class_list":["post-195","chapter","type-chapter","status-publish","hentry"],"part":3,"_links":{"self":[{"href":"https:\/\/integrations.pressbooks.network\/thomtest\/wp-json\/pressbooks\/v2\/chapters\/195","targetHints":{"allow":["GET"]}}],"collection":[{"href":"https:\/\/integrations.pressbooks.network\/thomtest\/wp-json\/pressbooks\/v2\/chapters"}],"about":[{"href":"https:\/\/integrations.pressbooks.network\/thomtest\/wp-json\/wp\/v2\/types\/chapter"}],"author":[{"embeddable":true,"href":"https:\/\/integrations.pressbooks.network\/thomtest\/wp-json\/wp\/v2\/users\/291"}],"version-history":[{"count":8,"href":"https:\/\/integrations.pressbooks.network\/thomtest\/wp-json\/pressbooks\/v2\/chapters\/195\/revisions"}],"predecessor-version":[{"id":224,"href":"https:\/\/integrations.pressbooks.network\/thomtest\/wp-json\/pressbooks\/v2\/chapters\/195\/revisions\/224"}],"part":[{"href":"https:\/\/integrations.pressbooks.network\/thomtest\/wp-json\/pressbooks\/v2\/parts\/3"}],"metadata":[{"href":"https:\/\/integrations.pressbooks.network\/thomtest\/wp-json\/pressbooks\/v2\/chapters\/195\/metadata\/"}],"wp:attachment":[{"href":"https:\/\/integrations.pressbooks.network\/thomtest\/wp-json\/wp\/v2\/media?parent=195"}],"wp:term":[{"taxonomy":"chapter-type","embeddable":true,"href":"https:\/\/integrations.pressbooks.network\/thomtest\/wp-json\/pressbooks\/v2\/chapter-type?post=195"},{"taxonomy":"contributor","embeddable":true,"href":"https:\/\/integrations.pressbooks.network\/thomtest\/wp-json\/wp\/v2\/contributor?post=195"},{"taxonomy":"license","embeddable":true,"href":"https:\/\/integrations.pressbooks.network\/thomtest\/wp-json\/wp\/v2\/license?post=195"}],"curies":[{"name":"wp","href":"https:\/\/api.w.org\/{rel}","templated":true}]}}